{"id":135,"date":"2018-04-27T10:44:42","date_gmt":"2018-04-27T10:44:42","guid":{"rendered":"http:\/\/hh.hi.is\/?page_id=135"},"modified":"2023-09-08T11:39:02","modified_gmt":"2023-09-08T11:39:02","slug":"frettir-og-vidburdir-news-and-events","status":"publish","type":"page","link":"https:\/\/hh.hi.is\/?page_id=135","title":{"rendered":"Fr\u00e9ttir og vi\u00f0bur\u00f0ir \/ News and Events"},"content":{"rendered":"\n<h2 class=\"wp-block-heading\">Lokar\u00e1\u00f0stefna Heimsins hnoss 10.- 11. \u00e1g\u00fast 2023: fyrirlestrar bla\u00f0agreinar og hla\u00f0varp.<\/h2>\n\n\n\n<p>Dagana 10. og 11. \u00e1g\u00fast var lokar\u00e1\u00f0stefan Heimsins hnoss haldin \u00ed fyrirlestrasal \u00dej\u00f3\u00f0minjasafnsins. Bo\u00f0i\u00f0 var upp \u00e1 veglega dagskr\u00e1 \u00fear sem flestir me\u00f0limir Heimsins hnoss mi\u00f0lu\u00f0u \u00ed stuttu m\u00e1li s\u00ednum ni\u00f0urst\u00f6\u00f0um. Auk \u00feess voru fimm erlendir fr\u00e6\u00f0imenn sem t\u00f3ku \u00fe\u00e1tt \u00ed r\u00e1\u00f0stefnunni, \u00feau voru Laurie Bertram, Thomas V. Cohen, Elizabeth S. Cohen, Mikhail Boytsov, Susanna Pshizova og Karen Harvey en h\u00fan flutti einnig opnunarfyrirlestur verkefnisins \u00e1ri\u00f0 2018. R\u00e1\u00f0stefnan heppna\u00f0ist vel \u00ed alla sta\u00f0i og margt \u00e1hugavert sem kom fram b\u00e6\u00f0i \u00ed fyrirlestrunum og ekki s\u00ed\u00f0ur \u00ed umr\u00e6\u00f0unum sem \u00feeir leiddu af s\u00e9r. H\u00e6gt er a\u00f0 kynna s\u00e9r efni r\u00e1\u00f0stefnunnar n\u00e1nar<a href=\"https:\/\/sagnfraedistofnun.hi.is\/sites\/sagnfraedistofnun.hi.is\/files\/2023-08\/Final%20conference%20for%20the%20Grant%20of%20Excellence%20%281%29.pdf\" data-type=\"URL\" data-id=\"https:\/\/sagnfraedistofnun.hi.is\/sites\/sagnfraedistofnun.hi.is\/files\/2023-08\/Final%20conference%20for%20the%20Grant%20of%20Excellence%20%281%29.pdf\"> h\u00e9r.<\/a> <\/p>\n\n\n\n<p>Mikhail Boytsov \u00e1samt S\u00fas\u00f6nnu Pshizova fluttu einnig opin erindi vi\u00f0 H\u00e1sk\u00f3la \u00cdslands; Boytsov h\u00e9lt Minningarfyrirlestur J\u00f3ns Sigur\u00f0ssonar 2023 \u00e1 vegum Sagnfr\u00e6\u00f0istofnunar H\u00e1sk\u00f3la \u00cdslands og Pshizova h\u00e9lt fyrir\u00e6lestur \u00ed A\u00f0albyggingu H\u00e1sk\u00f3la \u00cdslands sem f\u00f3r fram \u00e1 vegum Mi\u00f0st\u00f6\u00f0var eins\u00f6guranns\u00f3kna innan Sagnfr\u00e6\u00f0istofnunar H\u00cd. S\u00ed\u00f0arnefnda erindi\u00f0 f\u00e9kk einnig \u00e1g\u00e6ta umfj\u00f6lun \u00ed fj\u00f6lmi\u00f0lum m.a. \u00ed <a href=\"https:\/\/heimildin.is\/grein\/18618\/tveir-aratugir-medfaerilegs-lydraedis-skyri-studning-vid-adgerdir-putins\/?plan=web\" data-type=\"URL\" data-id=\"https:\/\/heimildin.is\/grein\/18618\/tveir-aratugir-medfaerilegs-lydraedis-skyri-studning-vid-adgerdir-putins\/?plan=web\">Heimildinni <\/a>og \u00ed <a href=\"https:\/\/www.mbl.is\/mogginn\/bladid\/netgreinar\/innskraning\/?redirect=\/mogginn\/bladid\/netgreinar\/2023\/08\/17\/margar_hendur_koma_ad_fylgi_putins\/%3F_t%3D1693214491.070718\" data-type=\"URL\" data-id=\"https:\/\/www.mbl.is\/mogginn\/bladid\/netgreinar\/innskraning\/?redirect=\/mogginn\/bladid\/netgreinar\/2023\/08\/17\/margar_hendur_koma_ad_fylgi_putins\/%3F_t%3D1693214491.070718\">Morgunbla\u00f0inu<\/a>.<\/p>\n\n\n\n<p>A\u00f0 lokum m\u00e1 nefna mj\u00f6g \u00e1hugavert samtal sem Thomas Cohen, Mikhail Boytsov og Susanna Pshizova \u00e1ttu vi\u00f0\u00b4Gu\u00f0mund H\u00f6r\u00f0 hj\u00e1 Hugvarpinu (hlapvarp Hugv\u00edsindasvi\u00f0s) um \u00cdsland, eins\u00f6gu og r\u00fassnesk hugv\u00edsindi. \u00de\u00e1ttinn er h\u00e6gt a\u00f0 n\u00e1lgast <a href=\"https:\/\/soundcloud.com\/user-800209008\/island-einsaga-og-russnesk-hugvisindi?utm_source=clipboard&amp;utm_medium=text&amp;utm_campaign=social_sharing\" data-type=\"URL\" data-id=\"https:\/\/soundcloud.com\/user-800209008\/island-einsaga-og-russnesk-hugvisindi?utm_source=clipboard&amp;utm_medium=text&amp;utm_campaign=social_sharing\">h\u00e9r<\/a>.<\/p>\n\n\n\n<figure class=\"wp-block-gallery has-nested-images columns-2 is-cropped wp-block-gallery-1 is-layout-flex wp-block-gallery-is-layout-flex\">\n<figure class=\"wp-block-image size-large\"><a href=\"https:\/\/hh.hi.is\/wp-content\/uploads\/2023\/08\/HH1-1-scaled.jpg\"><img loading=\"lazy\" decoding=\"async\" width=\"1024\" height=\"768\" data-id=\"417\" src=\"https:\/\/hh.hi.is\/wp-content\/uploads\/2023\/08\/HH1-1-1024x768.jpg\" alt=\"\" class=\"wp-image-417\" srcset=\"https:\/\/hh.hi.is\/wp-content\/uploads\/2023\/08\/HH1-1-1024x768.jpg 1024w, https:\/\/hh.hi.is\/wp-content\/uploads\/2023\/08\/HH1-1-300x225.jpg 300w, https:\/\/hh.hi.is\/wp-content\/uploads\/2023\/08\/HH1-1-768x576.jpg 768w, https:\/\/hh.hi.is\/wp-content\/uploads\/2023\/08\/HH1-1-1536x1152.jpg 1536w, https:\/\/hh.hi.is\/wp-content\/uploads\/2023\/08\/HH1-1-2048x1536.jpg 2048w\" sizes=\"(max-width: 767px) 89vw, (max-width: 1000px) 54vw, (max-width: 1071px) 543px, 580px\" \/><\/a><\/figure>\n\n\n\n<figure class=\"wp-block-image size-large\"><a href=\"https:\/\/hh.hi.is\/wp-content\/uploads\/2023\/08\/HH4-1-scaled.jpg\"><img loading=\"lazy\" decoding=\"async\" width=\"1024\" height=\"768\" data-id=\"416\" src=\"https:\/\/hh.hi.is\/wp-content\/uploads\/2023\/08\/HH4-1-1024x768.jpg\" alt=\"\" class=\"wp-image-416\" srcset=\"https:\/\/hh.hi.is\/wp-content\/uploads\/2023\/08\/HH4-1-1024x768.jpg 1024w, https:\/\/hh.hi.is\/wp-content\/uploads\/2023\/08\/HH4-1-300x225.jpg 300w, https:\/\/hh.hi.is\/wp-content\/uploads\/2023\/08\/HH4-1-768x576.jpg 768w, https:\/\/hh.hi.is\/wp-content\/uploads\/2023\/08\/HH4-1-1536x1152.jpg 1536w, https:\/\/hh.hi.is\/wp-content\/uploads\/2023\/08\/HH4-1-2048x1536.jpg 2048w\" sizes=\"(max-width: 767px) 89vw, (max-width: 1000px) 54vw, (max-width: 1071px) 543px, 580px\" \/><\/a><\/figure>\n\n\n\n<figure class=\"wp-block-image size-large\"><a href=\"https:\/\/hh.hi.is\/wp-content\/uploads\/2023\/08\/HH3-1-scaled.jpg\"><img loading=\"lazy\" decoding=\"async\" width=\"1024\" height=\"768\" data-id=\"415\" src=\"https:\/\/hh.hi.is\/wp-content\/uploads\/2023\/08\/HH3-1-1024x768.jpg\" alt=\"\" class=\"wp-image-415\" srcset=\"https:\/\/hh.hi.is\/wp-content\/uploads\/2023\/08\/HH3-1-1024x768.jpg 1024w, https:\/\/hh.hi.is\/wp-content\/uploads\/2023\/08\/HH3-1-300x225.jpg 300w, https:\/\/hh.hi.is\/wp-content\/uploads\/2023\/08\/HH3-1-768x576.jpg 768w, https:\/\/hh.hi.is\/wp-content\/uploads\/2023\/08\/HH3-1-1536x1152.jpg 1536w, https:\/\/hh.hi.is\/wp-content\/uploads\/2023\/08\/HH3-1-2048x1536.jpg 2048w\" sizes=\"(max-width: 767px) 89vw, (max-width: 1000px) 54vw, (max-width: 1071px) 543px, 580px\" \/><\/a><\/figure>\n\n\n\n<figure class=\"wp-block-image size-large\"><a href=\"https:\/\/hh.hi.is\/wp-content\/uploads\/2023\/08\/HH2-1-scaled.jpg\"><img loading=\"lazy\" decoding=\"async\" width=\"1024\" height=\"768\" data-id=\"418\" src=\"https:\/\/hh.hi.is\/wp-content\/uploads\/2023\/08\/HH2-1-1024x768.jpg\" alt=\"\" class=\"wp-image-418\" srcset=\"https:\/\/hh.hi.is\/wp-content\/uploads\/2023\/08\/HH2-1-1024x768.jpg 1024w, https:\/\/hh.hi.is\/wp-content\/uploads\/2023\/08\/HH2-1-300x225.jpg 300w, https:\/\/hh.hi.is\/wp-content\/uploads\/2023\/08\/HH2-1-768x576.jpg 768w, https:\/\/hh.hi.is\/wp-content\/uploads\/2023\/08\/HH2-1-1536x1152.jpg 1536w, https:\/\/hh.hi.is\/wp-content\/uploads\/2023\/08\/HH2-1-2048x1536.jpg 2048w\" sizes=\"(max-width: 767px) 89vw, (max-width: 1000px) 54vw, (max-width: 1071px) 543px, 580px\" \/><\/a><\/figure>\n<\/figure>\n\n\n\n<h2 class=\"wp-block-heading\">Umfj\u00f6llun um s\u00fdningu Heimsins hnoss \u00ed Heimildinni.<\/h2>\n\n\n<div class=\"wp-block-image\">\n<figure class=\"alignleft size-large is-resized\"><a href=\"https:\/\/hh.hi.is\/wp-content\/uploads\/2023\/05\/HnossTHMS.jpg\"><img loading=\"lazy\" decoding=\"async\" src=\"https:\/\/hh.hi.is\/wp-content\/uploads\/2023\/05\/HnossTHMS-683x1024.jpg\" alt=\"\" class=\"wp-image-399\" width=\"173\" height=\"260\" srcset=\"https:\/\/hh.hi.is\/wp-content\/uploads\/2023\/05\/HnossTHMS-683x1024.jpg 683w, https:\/\/hh.hi.is\/wp-content\/uploads\/2023\/05\/HnossTHMS-200x300.jpg 200w, https:\/\/hh.hi.is\/wp-content\/uploads\/2023\/05\/HnossTHMS-768x1152.jpg 768w, https:\/\/hh.hi.is\/wp-content\/uploads\/2023\/05\/HnossTHMS-1024x1536.jpg 1024w, https:\/\/hh.hi.is\/wp-content\/uploads\/2023\/05\/HnossTHMS.jpg 1080w\" sizes=\"(max-width: 173px) 100vw, 173px\" \/><\/a><\/figure><\/div>\n\n\n<p>\u00cd 9. t\u00f6lubla\u00f0i <em>Heimildarinnar <\/em>sem kom \u00fat hinn 28. apr\u00edl s\u00ed\u00f0astli\u00f0in birtist greinarg\u00f3\u00f0 umfj\u00f6llun um s\u00fdningu ranns\u00f3knarverkefnisins Heimsins hnoss \u00ed \u00dej\u00f3\u00f0minjasafninu. \u00cd vi\u00f0talinu er r\u00e6tt vi\u00f0 Sigur\u00f0 Gylfa Magn\u00fasson, M\u00e1 J\u00f3nsson og \u00d6nnu Hei\u00f0u Baldursd\u00f3ttur. H\u00e6gt er a\u00f0 lesa umfj\u00f6llunina um s\u00fdninguna \u00e1 heimas\u00ed\u00f0u <em>Heimidlarinnar<\/em> <a href=\"https:\/\/heimildin.is\/grein\/17441\/allar-hennar-eigur-hefdu-komist-fyrir-i-einni-kistu\/\" data-type=\"URL\" data-id=\"https:\/\/heimildin.is\/grein\/17441\/allar-hennar-eigur-hefdu-komist-fyrir-i-einni-kistu\/\">h\u00e9r<\/a>.<\/p>\n\n\n\n<h2 class=\"wp-block-heading\">Ritger\u00f0 \u00d6nnu Hei\u00f0u vekur athygli.<\/h2>\n\n\n<div class=\"wp-block-image is-style-rounded\">\n<figure class=\"alignright size-full is-resized\"><a href=\"https:\/\/hh.hi.is\/wp-content\/uploads\/2023\/02\/Screenshot-2023-02-22-at-11.01.43.png\"><img loading=\"lazy\" decoding=\"async\" src=\"https:\/\/hh.hi.is\/wp-content\/uploads\/2023\/02\/Screenshot-2023-02-22-at-11.01.43.png\" alt=\"\" class=\"wp-image-396\" width=\"248\" height=\"321\" srcset=\"https:\/\/hh.hi.is\/wp-content\/uploads\/2023\/02\/Screenshot-2023-02-22-at-11.01.43.png 587w, https:\/\/hh.hi.is\/wp-content\/uploads\/2023\/02\/Screenshot-2023-02-22-at-11.01.43-232x300.png 232w\" sizes=\"(max-width: 248px) 100vw, 248px\" \/><\/a><\/figure><\/div>\n\n\n<p>Fj\u00f6lmi\u00f0lar hafa kepptst vi\u00f0 a\u00f0 f\u00e1 \u00d6nnu Hei\u00f0u \u00ed vi\u00f0tal eftir a\u00f0 h\u00fan lauk vi\u00f0 a\u00f0 verja doktorsritger\u00f0 s\u00edna hinn 7. febr\u00faar. Me\u00f0fylgjandi mynd er fengin \u00far <em>Fr\u00e9ttabla\u00f0inu<\/em> hinn 14. febr\u00faar en h\u00e6gt er a\u00f0 sko\u00f0a bla\u00f0i\u00f0 betur <a href=\"https:\/\/timarit.is\/page\/7767423\" data-type=\"URL\" data-id=\"https:\/\/timarit.is\/page\/7767423\">h\u00e9r<\/a>. <\/p>\n\n\n\n<p>Anna f\u00f3r auk \u00feess \u00ed vi\u00f0tal \u00e1 Hringr\u00e1s, sj\u00f3nvarpsr\u00e1s fr\u00e9ttabla\u00f0sins. \u00dear r\u00e6ddi h\u00fan vi\u00f0 Sigurj\u00f3n M. Egilsson \u00ed \u00fe\u00e6ttinum <em>Heima er bezt<\/em> um doktorsritger\u00f0ina, ranns\u00f3knina og d\u00e1narb\u00fasuppskriftirnar. H\u00e6gt er a\u00f0 sj\u00e1 \u00fe\u00e1ttinn <a href=\"https:\/\/hringbraut.frettabladid.is\/sjonvarp\/heima-er-bezt\/heima-er-bezt-bubbi-morthens\/\" data-type=\"URL\" data-id=\"https:\/\/hringbraut.frettabladid.is\/sjonvarp\/heima-er-bezt\/heima-er-bezt-bubbi-morthens\/\">h\u00e9r<\/a>. <\/p>\n\n\n\n<p>S\u00ed\u00f0ast en ekki s\u00edst birtist vi\u00f0tal vi\u00f0 \u00d6nnu \u00ed fr\u00e9tta veitu Vesturlands, <em>Skessuhorni<\/em>. \u00dear segir Anna fr\u00e1 ferlinu a\u00f0 skrifa doktorsritger\u00f0 og segir einnig fr\u00e1 verkefninu Heimsins hnoss og hvernig sta\u00f0i\u00f0 var a\u00f0 \u00fev\u00ed. Vi\u00f0tali\u00f0 m\u00e1 n\u00e1lgast <a href=\"https:\/\/skessuhorn.is\/2023\/02\/16\/thad-er-storundarlegt-thetta-grusk\" data-type=\"URL\" data-id=\"https:\/\/skessuhorn.is\/2023\/02\/16\/thad-er-storundarlegt-thetta-grusk\">h\u00e9r<\/a>.<\/p>\n\n\n\n<h2 class=\"wp-block-heading\"><em>Heimsins hnoss: <em>L\u00fainn kistill, silfurskei\u00f0 og n\u00e6rbuxur (me\u00f0 gati)<\/em><\/em> 5. n\u00f3vember 2022.<\/h2>\n\n\n\n<p>Laugadaginn 5. n\u00f3vember opna\u00f0i \u00dej\u00f3\u00f0minjasafn \u00cdslands s\u00fdninguna <em><em>Heimsins hnoss:<br><em>L\u00fainn kistill, silfurskei\u00f0 og n\u00e6rbuxur (me\u00f0 gati)<\/em><\/em><\/em>. S\u00fdningin mi\u00f0lar hluta af ni\u00f0urst\u00f6\u00f0um verkefnisins Heimsins hnoss \u00fear sem tveimur s\u00f6fnum er teflt saman. Annars vegar er um a\u00f0 r\u00e6\u00f0a uppskriftir d\u00e1narb\u00faa, skiptab\u00f3ka og uppbo\u00f0a sem var\u00f0veittar eru \u00e1 \u00dej\u00f3\u00f0skjalasafni \u00cdslands, og hins vegar safneign \u00dej\u00f3\u00f0minjasafns \u00cdslands. Me\u00f0 \u00fev\u00ed er lj\u00f3si varpa\u00f0 \u00e1 efnislegar eigur og efnisheim f\u00f3lks \u00e1 18. og 19. \u00f6ld. <br>S\u00fdningin var opnu\u00f0 af H\u00f6rpu \u00de\u00f3rsd\u00f3ttur \u00dej\u00f3\u00f0minjaver\u00f0i en auk hennar \u00e1varpa\u00f0i Sigur\u00f0ur Gylfi Magn\u00fasson, stj\u00f3rnandi verkefnisins Heimsins hnoss gesti s\u00fdningarinnar.<\/p>\n\n\n\n<p>Hinn 15. n\u00f3vember h\u00e9lt M\u00e1r J\u00f3nsson pr\u00f3fessor \u00ed sagnfr\u00e6\u00f0i fyrirlestur \u00ed gr\u00e6na sal \u00dej\u00f3\u00f0minjasafnsins \u00fear sem hann fjalla\u00f0i um d\u00e1narb\u00fasuppskriftirnar.<\/p>\n\n\n\n<figure class=\"wp-block-embed is-type-video is-provider-youtube wp-block-embed-youtube wp-embed-aspect-16-9 wp-has-aspect-ratio\"><div class=\"wp-block-embed__wrapper\">\n<iframe loading=\"lazy\" title=\"D\u00e1narb\u00fa fr\u00e1 19. \u00f6ld: hva\u00f0 var skr\u00e1\u00f0 og hva\u00f0 ekki?\" width=\"525\" height=\"295\" src=\"https:\/\/www.youtube.com\/embed\/mlrXnpiz-So?feature=oembed\" frameborder=\"0\" allow=\"accelerometer; autoplay; clipboard-write; encrypted-media; gyroscope; picture-in-picture; web-share\" referrerpolicy=\"strict-origin-when-cross-origin\" allowfullscreen><\/iframe>\n<\/div><\/figure>\n\n\n\n<p>N\u00e1nar m\u00e1 sj\u00e1 um s\u00fdninguna \u00e1 heimas\u00ed\u00f0u <a rel=\"noreferrer noopener\" href=\"https:\/\/www.thjodminjasafn.is\/syningar-vidburdir\/sersyningar\/syningar-i-gangi\/heimsins-hnoss\" data-type=\"URL\" data-id=\"https:\/\/www.thjodminjasafn.is\/syningar-vidburdir\/sersyningar\/syningar-i-gangi\/heimsins-hnoss\" target=\"_blank\">\u00dej\u00f3\u00f0minjasafnsins<\/a>, \u00ed <a rel=\"noreferrer noopener\" href=\"https:\/\/www.hi.is\/frettir\/syning_a_danarbuum_luinn_kistill_silfurskeid_og_naerbuxur\" data-type=\"URL\" data-id=\"https:\/\/www.hi.is\/frettir\/syning_a_danarbuum_luinn_kistill_silfurskeid_og_naerbuxur\" target=\"_blank\">fr\u00e9ttatilkynningu<\/a> H\u00e1sk\u00f3la \u00cdslands og umfj\u00f6llun <a href=\"https:\/\/saltertonartsreview.com\/2023\/01\/thjodminjasafns-islands-national-museum-of-iceland\/\">Salterton Art Review<\/a>.<\/p>\n\n\n\n<figure class=\"wp-block-embed is-type-video is-provider-youtube wp-block-embed-youtube wp-embed-aspect-16-9 wp-has-aspect-ratio\"><div class=\"wp-block-embed__wrapper\">\n<iframe loading=\"lazy\" title=\"S\u00fdningin L\u00fainn kistill, silfurskei\u00f0 og n\u00e6rbuxur (me\u00f0 gati)\" width=\"525\" height=\"295\" src=\"https:\/\/www.youtube.com\/embed\/C-A-TN9o0oo?feature=oembed\" frameborder=\"0\" allow=\"accelerometer; autoplay; clipboard-write; encrypted-media; gyroscope; picture-in-picture; web-share\" referrerpolicy=\"strict-origin-when-cross-origin\" allowfullscreen><\/iframe>\n<\/div><\/figure>\n\n\n\n<p> \u00c1 n\u00e6stunni er v\u00e6ntanlegt greinasafn sem mun tengja s\u00fdninguna vi\u00f0 fr\u00e6\u00f0ilegar n\u00e1lganir verkefnisins. <\/p>\n\n\n\n<figure class=\"wp-block-image size-large\"><a href=\"https:\/\/hh.hi.is\/wp-content\/uploads\/2022\/11\/Syning.png\"><img loading=\"lazy\" decoding=\"async\" width=\"1024\" height=\"768\" src=\"https:\/\/hh.hi.is\/wp-content\/uploads\/2022\/11\/Syning-1024x768.png\" alt=\"\" class=\"wp-image-286\" srcset=\"https:\/\/hh.hi.is\/wp-content\/uploads\/2022\/11\/Syning-1024x768.png 1024w, https:\/\/hh.hi.is\/wp-content\/uploads\/2022\/11\/Syning-300x225.png 300w, https:\/\/hh.hi.is\/wp-content\/uploads\/2022\/11\/Syning-768x576.png 768w, https:\/\/hh.hi.is\/wp-content\/uploads\/2022\/11\/Syning-1536x1152.png 1536w, https:\/\/hh.hi.is\/wp-content\/uploads\/2022\/11\/Syning-2048x1536.png 2048w\" sizes=\"(max-width: 767px) 89vw, (max-width: 1000px) 54vw, (max-width: 1071px) 543px, 580px\" \/><\/a><\/figure>\n\n\n\n<h2 class=\"wp-block-heading\">Gagnagrunnur d\u00e1narb\u00faa, skiptab\u00f3ka og uppbo\u00f0a.<\/h2>\n\n\n<div class=\"wp-block-image\">\n<figure class=\"alignright size-large is-resized\"><a href=\"https:\/\/hh.hi.is\/wp-content\/uploads\/2018\/04\/M\u00e1r_J\u00f3nssonsvhv.png\"><img loading=\"lazy\" decoding=\"async\" src=\"https:\/\/hh.hi.is\/wp-content\/uploads\/2018\/04\/M\u00e1r_J\u00f3nssonsvhv-1016x1024.png\" alt=\"\" class=\"wp-image-87\" width=\"195\" height=\"196\" srcset=\"https:\/\/hh.hi.is\/wp-content\/uploads\/2018\/04\/M\u00e1r_J\u00f3nssonsvhv-1016x1024.png 1016w, https:\/\/hh.hi.is\/wp-content\/uploads\/2018\/04\/M\u00e1r_J\u00f3nssonsvhv-150x150.png 150w, https:\/\/hh.hi.is\/wp-content\/uploads\/2018\/04\/M\u00e1r_J\u00f3nssonsvhv-298x300.png 298w, https:\/\/hh.hi.is\/wp-content\/uploads\/2018\/04\/M\u00e1r_J\u00f3nssonsvhv-768x774.png 768w, https:\/\/hh.hi.is\/wp-content\/uploads\/2018\/04\/M\u00e1r_J\u00f3nssonsvhv-100x100.png 100w, https:\/\/hh.hi.is\/wp-content\/uploads\/2018\/04\/M\u00e1r_J\u00f3nssonsvhv.png 1415w\" sizes=\"(max-width: 195px) 100vw, 195px\" \/><\/a><figcaption class=\"wp-element-caption\">M\u00e1r J\u00f3nsson<\/figcaption><\/figure><\/div>\n\n\n<p>Undir forustu M\u00e1s J\u00f3nssonar hefur n\u00fa \u00e1 heimas\u00ed\u00f0u \u00dej\u00f3\u00f0skjalasafns \u00cdslands veri\u00f0 opna\u00f0ur gagnagrunnur sem tekur til uppskrifta d\u00e1narb\u00faa, skiptab\u00f3ka og uppbo\u00f0a sem til eru fr\u00e1 18. og 19. \u00f6ld.<\/p>\n\n\n\n<p>\u00c1 landsv\u00edsu eru var\u00f0veitt g\u00f6gn um eignir e\u00f0a arfaskipti r\u00edflega 30.000 einstaklinga, mest fr\u00e1 \u00e1runum 1821 \u2013 1870. Flest d\u00e1narb\u00fain eru eftir f\u00f3lk \u00e1 aldrinum 30 \u2013 70 \u00e1ra, jafnt f\u00e1t\u00e6ka sem r\u00edka og um 40% af hundra\u00f0i \u00feeirra eru konur.<\/p>\n\n\n\n<p>Uppskriftir d\u00e1nab\u00faa, skiptab\u00f3ka og uppbo\u00f0a eru veigamikill \u00fe\u00e1ttur \u00ed verkefninu Heimsins hnoss en \u00feau innihalda n\u00e1kv\u00e6mar skr\u00e1r yfir eigur f\u00f3lks og taka m.a. til fatna\u00f0ar, s\u00e6ngurfata, matar\u00edl\u00e1ta, verkf\u00e6ra og b\u00fafj\u00e1r. <\/p>\n\n\n\n<p>H\u00e9r er \u00fev\u00ed um st\u00f3ran \u00e1fanga a\u00f0 r\u00e6\u00f0a \u00ed verkefninu Heimsins hnoss, gagnagrunnurinn gefur ekki a\u00f0eins \u00feeim fr\u00e6\u00f0i m\u00f6nnum sem vinna innan og utan verkefnisins grei\u00f0ari a\u00f0gang a\u00f0 uppl\u00fdsingum um efnisleg ver\u00f0m\u00e6ti f\u00f3lks og anna\u00f0 sem varpar lj\u00f3si \u00e1 l\u00edf f\u00f3lks fyrr \u00e1 \u00f6ldum. Heldur au\u00f0veldar hann \u00f6llum almenningi a\u00f0 n\u00e1lgast uppl\u00fdsingar um eignir f\u00f3lks vi\u00f0 andl\u00e1t og uppl\u00fdsingar um erfingja.<\/p>\n\n\n\n<p><a rel=\"noreferrer noopener\" href=\"https:\/\/danarbu.skjalasafn.is\/\" target=\"_blank\"> H\u00e9r er h\u00e6gt a\u00f0 sko\u00f0a gagnagrunninn<\/a>, en hann er einnig a\u00f0gengilegur \u00e1 vef safnsins um <a rel=\"noreferrer noopener\" href=\"https:\/\/heimildir.is\/\" target=\"_blank\">stafr\u00e6nar heimildir (heimildir.is).<\/a><\/p>\n\n\n\n<h2 class=\"wp-block-heading\">Fyrirlestrar Ewu Domanska og Mary C. Beaudry 29. \u00e1g\u00fast 2019<\/h2>\n\n\n\n<p>Hinn 29. \u00e1g\u00fast komu Ewa Domanska pr\u00f3fessor \u00ed mannv\u00edsindum vi\u00f0 Adam Mickiewicz h\u00e1sk\u00f3lann \u00ed Pozna, P\u00f3llandi og Mart C. Beaudry pr\u00f3fessor \u00ed fornleifafr\u00e6\u00f0i, mannfr\u00e6\u00f0i og mannfr\u00e6\u00f0i matarger\u00f0armenningar vi\u00f0 Boston h\u00e1sk\u00f3lann \u00ed Bandar\u00edkjunum til landsins \u00ed bo\u00f0i Heimsins hnoss. \u00de\u00e6r heldur opin fyrirlestur \u00ed Norr\u00e6na h\u00fasinu hinn 29. \u00e1g\u00fast \u00ed bo\u00f0i verkefnisins.<\/p>\n\n\n\n<p>Fyrirlestur Ewu Domanska &#8211; Vestige<\/p>\n\n\n\n<figure class=\"wp-block-embed is-type-video is-provider-youtube wp-block-embed-youtube wp-embed-aspect-16-9 wp-has-aspect-ratio\"><div class=\"wp-block-embed__wrapper\">\n<iframe loading=\"lazy\" title=\"Heimsins hnoss Ewa Domanska\" width=\"525\" height=\"295\" src=\"https:\/\/www.youtube.com\/embed\/zdoaBiAB7zA?feature=oembed\" frameborder=\"0\" allow=\"accelerometer; autoplay; clipboard-write; encrypted-media; gyroscope; picture-in-picture; web-share\" referrerpolicy=\"strict-origin-when-cross-origin\" allowfullscreen><\/iframe>\n<\/div><\/figure>\n\n\n\n<p>Fyrirlestur Mary C. Beaudry &#8211; It\u2019s a Woman Thing: Women\u2019s Body-worn Implements and the Construction of Feminine Identity in Early America<\/p>\n\n\n\n<figure class=\"wp-block-embed is-type-video is-provider-youtube wp-block-embed-youtube wp-embed-aspect-16-9 wp-has-aspect-ratio\"><div class=\"wp-block-embed__wrapper\">\n<iframe loading=\"lazy\" title=\"Heimsins Hnoss Mary C. Beaudry\" width=\"525\" height=\"295\" src=\"https:\/\/www.youtube.com\/embed\/Thjit7-tsTQ?feature=oembed\" frameborder=\"0\" allow=\"accelerometer; autoplay; clipboard-write; encrypted-media; gyroscope; picture-in-picture; web-share\" referrerpolicy=\"strict-origin-when-cross-origin\" allowfullscreen><\/iframe>\n<\/div><\/figure>\n\n\n\n<p>Fyrirlestur Jane Bennett 21. mars 2019<\/p>\n\n\n\n<figure class=\"wp-block-embed is-type-video is-provider-youtube wp-block-embed-youtube wp-embed-aspect-16-9 wp-has-aspect-ratio\"><div class=\"wp-block-embed__wrapper\">\n<iframe loading=\"lazy\" title=\"Jane Bennett - Out for a Walk\" width=\"525\" height=\"295\" src=\"https:\/\/www.youtube.com\/embed\/Y7ueRr0p4RQ?feature=oembed\" frameborder=\"0\" allow=\"accelerometer; autoplay; clipboard-write; encrypted-media; gyroscope; picture-in-picture; web-share\" referrerpolicy=\"strict-origin-when-cross-origin\" allowfullscreen><\/iframe>\n<\/div><\/figure>\n\n\n\n<h2 class=\"wp-block-heading\">Myndir fr\u00e1 komu Jane Bennett og Bj\u00f6rnars Olsen<\/h2>\n\n\n<div class=\"wp-block-image\">\n<figure class=\"aligncenter\"><img loading=\"lazy\" decoding=\"async\" width=\"1024\" height=\"768\" src=\"https:\/\/hh.hi.is\/wp-content\/uploads\/2019\/04\/54516205_411761069626467_2858464455346356224_n-1024x768.jpg\" alt=\"\" class=\"wp-image-233\" srcset=\"https:\/\/hh.hi.is\/wp-content\/uploads\/2019\/04\/54516205_411761069626467_2858464455346356224_n-1024x768.jpg 1024w, https:\/\/hh.hi.is\/wp-content\/uploads\/2019\/04\/54516205_411761069626467_2858464455346356224_n-300x225.jpg 300w, https:\/\/hh.hi.is\/wp-content\/uploads\/2019\/04\/54516205_411761069626467_2858464455346356224_n-768x576.jpg 768w, https:\/\/hh.hi.is\/wp-content\/uploads\/2019\/04\/54516205_411761069626467_2858464455346356224_n.jpg 2048w\" sizes=\"(max-width: 767px) 89vw, (max-width: 1000px) 54vw, (max-width: 1071px) 543px, 580px\" \/><\/figure><\/div>\n\n<div class=\"wp-block-image\">\n<figure class=\"aligncenter\"><img loading=\"lazy\" decoding=\"async\" width=\"1024\" height=\"576\" src=\"https:\/\/hh.hi.is\/wp-content\/uploads\/2019\/04\/20190322_105924-e1554290795817-1024x576.jpg\" alt=\"\" class=\"wp-image-232\" srcset=\"https:\/\/hh.hi.is\/wp-content\/uploads\/2019\/04\/20190322_105924-e1554290795817-1024x576.jpg 1024w, https:\/\/hh.hi.is\/wp-content\/uploads\/2019\/04\/20190322_105924-e1554290795817-300x169.jpg 300w, https:\/\/hh.hi.is\/wp-content\/uploads\/2019\/04\/20190322_105924-e1554290795817-768x432.jpg 768w\" sizes=\"(max-width: 767px) 89vw, (max-width: 1000px) 54vw, (max-width: 1071px) 543px, 580px\" \/><\/figure><\/div>\n\n<div class=\"wp-block-image\">\n<figure class=\"aligncenter\"><img loading=\"lazy\" decoding=\"async\" width=\"1024\" height=\"576\" src=\"https:\/\/hh.hi.is\/wp-content\/uploads\/2019\/04\/20190322_120810-e1554290761739-1024x576.jpg\" alt=\"\" class=\"wp-image-231\" srcset=\"https:\/\/hh.hi.is\/wp-content\/uploads\/2019\/04\/20190322_120810-e1554290761739-1024x576.jpg 1024w, https:\/\/hh.hi.is\/wp-content\/uploads\/2019\/04\/20190322_120810-e1554290761739-300x169.jpg 300w, https:\/\/hh.hi.is\/wp-content\/uploads\/2019\/04\/20190322_120810-e1554290761739-768x432.jpg 768w\" sizes=\"(max-width: 767px) 89vw, (max-width: 1000px) 54vw, (max-width: 1071px) 543px, 580px\" \/><\/figure><\/div>\n\n<div class=\"wp-block-image\">\n<figure class=\"aligncenter\"><img loading=\"lazy\" decoding=\"async\" width=\"1024\" height=\"768\" src=\"https:\/\/hh.hi.is\/wp-content\/uploads\/2019\/04\/55576580_313881149310982_4537289282120843264_n-1024x768.jpg\" alt=\"\" class=\"wp-image-230\" srcset=\"https:\/\/hh.hi.is\/wp-content\/uploads\/2019\/04\/55576580_313881149310982_4537289282120843264_n-1024x768.jpg 1024w, https:\/\/hh.hi.is\/wp-content\/uploads\/2019\/04\/55576580_313881149310982_4537289282120843264_n-300x225.jpg 300w, https:\/\/hh.hi.is\/wp-content\/uploads\/2019\/04\/55576580_313881149310982_4537289282120843264_n-768x576.jpg 768w, https:\/\/hh.hi.is\/wp-content\/uploads\/2019\/04\/55576580_313881149310982_4537289282120843264_n.jpg 2001w\" sizes=\"(max-width: 767px) 89vw, (max-width: 1000px) 54vw, (max-width: 1071px) 543px, 580px\" \/><\/figure><\/div>\n\n<div class=\"wp-block-image\">\n<figure class=\"aligncenter\"><img loading=\"lazy\" decoding=\"async\" width=\"1024\" height=\"768\" src=\"https:\/\/hh.hi.is\/wp-content\/uploads\/2019\/04\/54390894_1084410831761264_8190646746804649984_n-1024x768.jpg\" alt=\"\" class=\"wp-image-229\" srcset=\"https:\/\/hh.hi.is\/wp-content\/uploads\/2019\/04\/54390894_1084410831761264_8190646746804649984_n-1024x768.jpg 1024w, https:\/\/hh.hi.is\/wp-content\/uploads\/2019\/04\/54390894_1084410831761264_8190646746804649984_n-300x225.jpg 300w, https:\/\/hh.hi.is\/wp-content\/uploads\/2019\/04\/54390894_1084410831761264_8190646746804649984_n-768x576.jpg 768w, https:\/\/hh.hi.is\/wp-content\/uploads\/2019\/04\/54390894_1084410831761264_8190646746804649984_n.jpg 2048w\" sizes=\"(max-width: 767px) 89vw, (max-width: 1000px) 54vw, (max-width: 1071px) 543px, 580px\" \/><\/figure><\/div>\n\n<div class=\"wp-block-image\">\n<figure class=\"aligncenter\"><img loading=\"lazy\" decoding=\"async\" width=\"1024\" height=\"768\" src=\"https:\/\/hh.hi.is\/wp-content\/uploads\/2019\/04\/55869435_2244219152484728_2756510044932538368_n-1024x768.jpg\" alt=\"\" class=\"wp-image-228\" srcset=\"https:\/\/hh.hi.is\/wp-content\/uploads\/2019\/04\/55869435_2244219152484728_2756510044932538368_n-1024x768.jpg 1024w, https:\/\/hh.hi.is\/wp-content\/uploads\/2019\/04\/55869435_2244219152484728_2756510044932538368_n-300x225.jpg 300w, https:\/\/hh.hi.is\/wp-content\/uploads\/2019\/04\/55869435_2244219152484728_2756510044932538368_n-768x576.jpg 768w, https:\/\/hh.hi.is\/wp-content\/uploads\/2019\/04\/55869435_2244219152484728_2756510044932538368_n.jpg 2001w\" sizes=\"(max-width: 767px) 89vw, (max-width: 1000px) 54vw, (max-width: 1071px) 543px, 580px\" \/><\/figure><\/div>\n\n\n<h1 class=\"wp-block-heading\">18. mars 2019<\/h1>\n\n\n\n<p><strong>\u00d6NDVEGISVERKEFNI\u00d0 <em>HEIMSINS HNOSS<\/em> B\u00dd\u00d0UR TIL TVEGGJA VI\u00d0BUR\u00d0A <\/strong><\/p>\n\n\n\n<p><strong>ME\u00d0 JANE BENNETT, PR\u00d3FESSOR VI\u00d0 JOHNS HOPKINS UNIVERSITY<\/strong><\/p>\n\n\n\n<ol>\n<li><strong> og 22. MARS 2019<\/strong><\/li>\n<\/ol>\n\n\n<div class=\"wp-block-image\">\n<figure class=\"alignright\"><a href=\"https:\/\/hh.hi.is\/wp-content\/uploads\/2019\/03\/Bennett-1.png\"><img loading=\"lazy\" decoding=\"async\" width=\"226\" height=\"300\" src=\"https:\/\/hh.hi.is\/wp-content\/uploads\/2019\/03\/Bennett-1-226x300.png\" alt=\"\" class=\"wp-image-215\" srcset=\"https:\/\/hh.hi.is\/wp-content\/uploads\/2019\/03\/Bennett-1-226x300.png 226w, https:\/\/hh.hi.is\/wp-content\/uploads\/2019\/03\/Bennett-1.png 252w\" sizes=\"(max-width: 226px) 100vw, 226px\" \/><\/a><\/figure><\/div>\n\n\n<p>Jane Bennett er Andrew W. Mellon Pr\u00f3fessor \u00ed Hugv\u00edsindum vi\u00f0 Johns Hopkins h\u00e1sk\u00f3lann \u00cd Baltimore. Ranns\u00f3knarsvi\u00f0 hennar n\u00e6r til kennilegrar stj\u00f3rn-m\u00e1lafr\u00e6\u00f0i, vistfr\u00e6\u00f0ilegrar heimspeki, p\u00f3lit\u00edskrar hugsunar \u00ed Bandar\u00edkjunum, p\u00f3lit\u00edskrar m\u00e6lskufr\u00e6\u00f0i og samt\u00edma kenninga \u00ed f\u00e9lagsv\u00edsindum. H\u00fan hefur veri\u00f0 gestakennari vi\u00f0 H\u00e1sk\u00f3lann \u00ed Kaupmannah\u00f6fn og seti\u00f0 \u00ed ranns\u00f3knarst\u00f6\u00f0um vi\u00f0 IKKM \u00ed Weimar, Oxford h\u00e1sk\u00f3la, Birkbeck hugv\u00edsindastofnunina \u00ed London og Ranns\u00f3knarmi\u00f0st\u00f6\u00f0 hugv\u00edsinda vi\u00f0 \u00fej\u00f3\u00f0arh\u00e1sk\u00f3lann \u00ed \u00c1stral\u00edu. Jane Bennett hefur m.a. gefi\u00f0 \u00fat b\u00e6kurnar <em>Vibrant<\/em>&nbsp;<em>Matter: A Political Ecology of Things<\/em>&nbsp;(Duke, 2010);&nbsp;<em>The Enchantment of Modern Life<\/em>&nbsp;(Princeton 2001);&nbsp;<em>Thoreau&#8217;s Nature <\/em>(Rowman Littlefield, 1994), and&nbsp;<em>Unthinking Faith and Enlightenment<\/em>&nbsp;(NYU 1987). &nbsp;N\u00e6sta b\u00f3k Bennett mun fjalla um Walt Whitman.<\/p>\n\n\n\n<p>Jane Bennett hefur vaki\u00f0 t\u00f6luver\u00f0a athygli fyrir skrif s\u00edn, einkum um \u201cl\u00edflega efnishyggju\u201d (e. <em>vibrant materialism<\/em>) \u00fear sem h\u00fan l\u00fdsir l\u00edflegum tengslanetum sem virka b\u00e6\u00f0i \u00f3h\u00e1\u00f0 og \u00e1samt hinu mennska. \u00cd b\u00f3k sinni <em>Vibrant Matter: a political ecology of things<\/em> segir Bennett a\u00f0 markmi\u00f0 hennar s\u00e9 a\u00f0 leitast vi\u00f0 a\u00f0 l\u00fdsa l\u00edflegum efnisveruleika (e. <em>vibrant materiality<\/em>) sem rekur samhli\u00f0a og innan hins mennska svo rannsaka megi hva\u00f0a breytingum p\u00f3lit\u00edskt \u00e1stand t\u00e6ki ef vi\u00f0 virtum \u00e1hrifavald hluta.<\/p>\n\n\n\n<p>Jane Bennett hefur skipa\u00f0 s\u00e9r \u00ed li\u00f0 \u00feeirra sem kalla\u00f0 hafa eftir aukinni athygli til handa hlutum, \u00e1hrifam\u00e6tti \u00feeirra og st\u00f6\u00f0u innan hins mennska. \u00deannig hefur h\u00fan me\u00f0 fr\u00e6\u00f0imennsku sinni haft \u00e1hrif \u00e1 or\u00f0r\u00e6\u00f0una innan fj\u00f6lmargra greina hug- og f\u00e9lagsv\u00edsinda.<\/p>\n\n\n\n<p><strong>\u00d6NDVEGISVERKEFNI\u00d0 <em>HEIMSINS HNOSS<\/em> B\u00dd\u00d0UR TIL OPINS FYRIRLESTURAR: <\/strong><\/p>\n\n\n\n<p>Fyrirlestrasalur \u00dej\u00f3\u00f0minjasafns \u00cdslands, 21. mars 2019, kl. 15:30<\/p>\n\n\n\n<p><strong>JANE BENNETT <\/strong><\/p>\n\n\n\n<p>PR\u00d3FESSOR VI\u00d0 JOHNS HOPKINS UNIVERSITY<\/p>\n\n\n\n<p><strong>&#8220;Out for a Walk\u201d<\/strong><\/p>\n\n\n\n<p>Fyrirlesturinn hefst \u00e1 tveimur fer\u00f0um, \u00f6nnur fer\u00f0in er farin af Henry Thoreau \u00fear sem hann er umlukinn gr\u00f3\u00f0ri, hin fer\u00f0in er pennastrik sem n\u00fdtir s\u00e9r mannsh\u00f6ndina \u00e1 vegfer\u00f0 sinni a\u00f0 ver\u00f0a krot. \u00deessar tv\u00e6r fer\u00f0ir varpa lj\u00f3si dj\u00fapt\u00e6kar fl\u00e6kjur og tengingar sem eru til sta\u00f0ar milli mennskra og \u00f3mennskra gj\u00f6rninga, sem jafnframt \u00feyrftu sinn eigin or\u00f0afor\u00f0a sem vi\u00f0urkennir tilvist \u00e1 atbeini sem \u00e1 s\u00e9r sta\u00f0 milli tegunda. Hvernig \u00e1 annars a\u00f0 tala um sl\u00edka samvinnu sem vi\u00f0urkennir hlut \u00feess \u00f3mennska? Hva\u00f0a m\u00e1lfr\u00e6\u00f0i, setningafr\u00e6\u00f0i og munnlegu tj\u00e1ningar eru best til \u00feess fallin a\u00f0 gangast vi\u00f0 \u00e1hrifum d\u00fdra, gr\u00f3\u00f0urs, steina og andr\u00famsloftsins \u00e1 hvert anna\u00f0. Hvernig er h\u00e6gt a\u00f0 finna tungutak sem er n\u00e6mt fyrir \u00fev\u00ed a\u00f0 skrif manneskjunnar eru \u00ed raun a\u00f0eins m\u00f6guleg vegna \u00f3mennskrar \u00e1letrunar.<\/p>\n\n\n\n<p><strong>\u00d6NDVEGISVERKEFNI\u00d0 <em>HEIMSINS HNOSS<\/em> B\u00dd\u00d0UR TIL OPINNAR M\u00c1LSTOFU: <\/strong><\/p>\n\n\n\n<p>Fyrirlestrasalur \u00dej\u00f3\u00f0minjasafns \u00cdslands, 22. mars 2019,<\/p>\n\n\n\n<p>10:00 \u2013 11:35 og kl. 13:30 \u2013 15:00<\/p>\n\n\n\n<p>S\u00e9rstakir gestir m\u00e1lstofunnar: Jane Bennett, pr\u00f3fessor vi\u00f0 John Hopkins University Bj\u00f8rnar Olsen, pr\u00f3fessor vi\u00f0 University of Troms\u00f8<\/p>\n\n\n<div class=\"wp-block-image\">\n<figure class=\"alignleft\"><a href=\"https:\/\/hh.hi.is\/wp-content\/uploads\/2019\/03\/IMG_3399.jpg\"><img loading=\"lazy\" decoding=\"async\" width=\"300\" height=\"225\" src=\"https:\/\/hh.hi.is\/wp-content\/uploads\/2019\/03\/IMG_3399-300x225.jpg\" alt=\"\" class=\"wp-image-218\" srcset=\"https:\/\/hh.hi.is\/wp-content\/uploads\/2019\/03\/IMG_3399-300x225.jpg 300w, https:\/\/hh.hi.is\/wp-content\/uploads\/2019\/03\/IMG_3399-768x576.jpg 768w, https:\/\/hh.hi.is\/wp-content\/uploads\/2019\/03\/IMG_3399-1024x768.jpg 1024w\" sizes=\"(max-width: 300px) 100vw, 300px\" \/><\/a><\/figure><\/div>\n\n\n<p><strong>F\u00f6studaginn 22. mars<\/strong> munu Jane Bennett og Bj\u00f8rnar Olsen taka \u00fe\u00e1tt \u00ed opinni m\u00e1lstofu \u00e1 vegum \u00f6ndvegisverkefnisins \u00ed sal \u00dej\u00f3\u00f0minjasafns \u00cdslands undir titlinum <strong><em>Things adrift &#8211; Material Archives \/ Hlutir \u00e1 reki \u2013 s\u00f6fn efnismenningar<\/em><\/strong>.<strong><\/strong><\/p>\n\n\n\n<p>\u00c1 m\u00e1lstofunni munu sex fr\u00e6\u00f0imenn, sem tengjast \u00f6ndvegisverkefninu \u00e1 mismunandi h\u00e1tt, r\u00e6\u00f0a efnismenningarfr\u00e6\u00f0i fr\u00e1 mismunandi sj\u00f3narhornum. \u00c1 fyrri hluta m\u00e1lstofunnar ver\u00f0ur fjalla\u00f0 um \u00fea\u00f0 hvernig hlutir birtast okkur \u00ed uppskrifab\u00f3kum d\u00e1nar- og skiptab\u00faa \u00e1 19. og \u00f6ndver\u00f0ri 20. \u00f6ld, en \u00e1 s\u00ed\u00f0ari hluti m\u00e1lstofunar ver\u00f0a kennileg efnismenningarfr\u00e6\u00f0i r\u00e6dd.<\/p>\n\n\n\n<p><strong><em>Things adrift &#8211; Material Archives \/ Hlutir \u00e1 reki \u2013 s\u00f6fn efnismenningar<\/em><\/strong><\/p>\n\n\n\n<p>Dagskr\u00e1:<\/p>\n\n\n\n<p>10:00&nbsp;&nbsp; Kristj\u00e1n M\u00edmisson&nbsp;&nbsp;&nbsp;&nbsp;&nbsp;&nbsp;&nbsp;&nbsp;&nbsp;&nbsp;&nbsp;&nbsp; Opnar m\u00e1lstofuna<\/p>\n\n\n\n<p>10:05&nbsp;&nbsp; \u00c1g\u00fasta Edwald&nbsp;&nbsp;&nbsp;&nbsp;&nbsp;&nbsp;&nbsp;&nbsp;&nbsp;&nbsp;&nbsp;&nbsp;&nbsp;&nbsp;&nbsp;&nbsp;&nbsp; <em>Fragmenting unity: Archaeological probate <\/em><\/p>\n\n\n\n<p><em>&nbsp;&nbsp;&nbsp;&nbsp;&nbsp;&nbsp;&nbsp;&nbsp;&nbsp;&nbsp;&nbsp;&nbsp;&nbsp;&nbsp;&nbsp;&nbsp;&nbsp;&nbsp;&nbsp;&nbsp;&nbsp;&nbsp;&nbsp;&nbsp;&nbsp;&nbsp;&nbsp;&nbsp;&nbsp;&nbsp;&nbsp;&nbsp;&nbsp;&nbsp;&nbsp;&nbsp;&nbsp;&nbsp;&nbsp;&nbsp;&nbsp;&nbsp;&nbsp;&nbsp;&nbsp;&nbsp;&nbsp;&nbsp;&nbsp;&nbsp;&nbsp;&nbsp; &nbsp; &nbsp; &nbsp; &nbsp; &nbsp; &nbsp; &nbsp; inventories<\/em><\/p>\n\n\n\n<p>10:35&nbsp;&nbsp; Finnur J\u00f3nsson &nbsp;&nbsp;&nbsp;&nbsp;&nbsp;&nbsp;&nbsp;&nbsp;&nbsp;&nbsp;&nbsp;&nbsp;&nbsp;&nbsp;&nbsp;&nbsp; <em>The Material Possessions of Paupers &#8211; According to <\/em><\/p>\n\n\n\n<p><em>&nbsp;&nbsp;&nbsp;&nbsp;&nbsp;&nbsp;&nbsp;&nbsp;&nbsp;&nbsp;&nbsp;&nbsp;&nbsp;&nbsp;&nbsp;&nbsp;&nbsp;&nbsp;&nbsp;&nbsp;&nbsp;&nbsp;&nbsp;&nbsp;&nbsp;&nbsp;&nbsp;&nbsp;&nbsp;&nbsp;&nbsp;&nbsp;&nbsp;&nbsp;&nbsp;&nbsp;&nbsp;&nbsp;&nbsp;&nbsp;&nbsp;&nbsp;&nbsp;&nbsp;&nbsp;&nbsp;&nbsp;&nbsp;&nbsp;&nbsp;&nbsp;&nbsp;&nbsp;&nbsp;&nbsp;&nbsp;&nbsp;&nbsp;&nbsp;&nbsp;&nbsp;&nbsp;&nbsp;&nbsp;&nbsp;&nbsp; Poor Council Assessments<\/em><\/p>\n\n\n\n<p>11:05&nbsp;&nbsp; Anna H. Baldursd\u00f3ttir&nbsp;&nbsp;&nbsp; <em>Things and Laborers<\/em><\/p>\n\n\n\n<p><strong>11:35 \u2013 13:30&nbsp;&nbsp;&nbsp;&nbsp;&nbsp;&nbsp;&nbsp;&nbsp;&nbsp;&nbsp;&nbsp;&nbsp;&nbsp;&nbsp;&nbsp;&nbsp;&nbsp;&nbsp;&nbsp;&nbsp;&nbsp;&nbsp;&nbsp;&nbsp;&nbsp;&nbsp;&nbsp;&nbsp;&nbsp;&nbsp;&nbsp; H\u00e1degishl\u00e9<\/strong><\/p>\n\n\n\n<p>13:30&nbsp;&nbsp; Bj\u00f8rnar Olsen&nbsp;&nbsp;&nbsp;&nbsp;&nbsp;&nbsp;&nbsp;&nbsp;&nbsp;&nbsp;&nbsp;&nbsp;&nbsp;&nbsp;&nbsp;&nbsp;&nbsp;&nbsp;&nbsp; <em>In Praise of Collecting: an unsustainable perspective<\/em><\/p>\n\n\n\n<p>14:00&nbsp;&nbsp; Gavin Lucas&nbsp;&nbsp;&nbsp;&nbsp;&nbsp;&nbsp;&nbsp;&nbsp;&nbsp;&nbsp;&nbsp;&nbsp;&nbsp;&nbsp;&nbsp;&nbsp;&nbsp;&nbsp;&nbsp;&nbsp;&nbsp;&nbsp; <em>Words and Things<\/em><\/p>\n\n\n\n<p>14:30&nbsp;&nbsp; \u00de\u00f3ra P\u00e9tursd\u00f3ttir&nbsp;&nbsp;&nbsp;&nbsp;&nbsp;&nbsp;&nbsp;&nbsp;&nbsp;&nbsp; <em>Fragments to Form<\/em><\/p>\n\n\n\n<h1 class=\"wp-block-heading\">11. mars 2019<\/h1>\n\n\n\n<p>Dagana 4. \u2013 5. mars f\u00f3r f\u00f6runeyti \u00e1 vegum Heimsins hnoss til Tapmere \u00ed Finnlandi til a\u00f0 taka \u00fe\u00e1tt \u00ed r\u00e1\u00f0stefnu sem haldin var af \u00f6ndvegisranns\u00f3knarmi\u00f0st\u00f6\u00f0inni <a href=\"https:\/\/research.uta.fi\/hex\/\">HEX<\/a> (History of Experience). Alls voru 4 fyrirlestrar fluttir af me\u00f0limum verkefnisins \u00fear sem \u00feeir kynntu s\u00fdnar ranns\u00f3knir. Allir fyrirlesararnir fluttu erindin \u00e1 m\u00e1nudeginum 4. mars.<\/p>\n\n\n<div class=\"wp-block-image\">\n<figure class=\"alignleft\"><a href=\"https:\/\/hh.hi.is\/wp-content\/uploads\/2019\/03\/20190304_200331.jpg\"><img loading=\"lazy\" decoding=\"async\" width=\"300\" height=\"169\" src=\"https:\/\/hh.hi.is\/wp-content\/uploads\/2019\/03\/20190304_200331-300x169.jpg\" alt=\"\" class=\"wp-image-212\" srcset=\"https:\/\/hh.hi.is\/wp-content\/uploads\/2019\/03\/20190304_200331-300x169.jpg 300w, https:\/\/hh.hi.is\/wp-content\/uploads\/2019\/03\/20190304_200331-768x432.jpg 768w, https:\/\/hh.hi.is\/wp-content\/uploads\/2019\/03\/20190304_200331-1024x576.jpg 1024w\" sizes=\"(max-width: 300px) 100vw, 300px\" \/><\/a><\/figure><\/div>\n\n\n<p>Kristj\u00e1n M\u00edmisson og Sigur\u00f0ur Gylfi Magn\u00fasson voru saman \u00e1 m\u00e1lstofu, Sigur\u00f0ur flutti erindi\u00f0 \u201eThe Everyday Life Expirience in Modern Iceland through the Influence of the \u2018Creative Class\u2019: A Microhistorical Approach\u201c og Kristj\u00e1n \u201eThe Historigraphical Significance of \u201cLived Experience\u201d\u201c<\/p>\n\n\n<div class=\"wp-block-image\">\n<figure class=\"alignright\"><a href=\"https:\/\/hh.hi.is\/wp-content\/uploads\/2019\/03\/20190304_131015-2.jpg\"><img loading=\"lazy\" decoding=\"async\" width=\"300\" height=\"210\" src=\"https:\/\/hh.hi.is\/wp-content\/uploads\/2019\/03\/20190304_131015-2-300x210.jpg\" alt=\"\" class=\"wp-image-206\" srcset=\"https:\/\/hh.hi.is\/wp-content\/uploads\/2019\/03\/20190304_131015-2-300x210.jpg 300w, https:\/\/hh.hi.is\/wp-content\/uploads\/2019\/03\/20190304_131015-2-768x536.jpg 768w, https:\/\/hh.hi.is\/wp-content\/uploads\/2019\/03\/20190304_131015-2-1024x715.jpg 1024w\" sizes=\"(max-width: 300px) 100vw, 300px\" \/><\/a><\/figure><\/div>\n\n\n<p>Anna Hei\u00f0a Baldursd\u00f3ttir flutti erindi me\u00f0 yfirskriftinni \u201eThings, People and the Everyday Experience in the 19th century Pesant Society in Iceland\u201c<\/p>\n\n\n<div class=\"wp-block-image\">\n<figure class=\"alignleft\"><a href=\"https:\/\/hh.hi.is\/wp-content\/uploads\/2019\/03\/20190304_152217-e1552294573740.jpg\"><img loading=\"lazy\" decoding=\"async\" width=\"300\" height=\"169\" src=\"https:\/\/hh.hi.is\/wp-content\/uploads\/2019\/03\/20190304_152217-e1552294573740-300x169.jpg\" alt=\"\" class=\"wp-image-209\" srcset=\"https:\/\/hh.hi.is\/wp-content\/uploads\/2019\/03\/20190304_152217-e1552294573740-300x169.jpg 300w, https:\/\/hh.hi.is\/wp-content\/uploads\/2019\/03\/20190304_152217-e1552294573740-768x432.jpg 768w, https:\/\/hh.hi.is\/wp-content\/uploads\/2019\/03\/20190304_152217-e1552294573740-1024x576.jpg 1024w\" sizes=\"(max-width: 300px) 100vw, 300px\" \/><\/a><\/figure><\/div>\n\n\n<p>Finnur J\u00f3nasson fjalla\u00f0i um \u201eThe Daily Life Expirience and Attitude of Paupers in Reykjav\u00edk in the First Half of the 20th Century\u201c<\/p>\n\n\n\n<hr class=\"wp-block-separator has-css-opacity\"\/>\n\n\n\n<h1 class=\"wp-block-heading\">30. n\u00f3vember 2018<\/h1>\n\n\n\n<figure class=\"wp-block-embed is-type-video is-provider-youtube wp-block-embed-youtube wp-embed-aspect-16-9 wp-has-aspect-ratio\"><div class=\"wp-block-embed__wrapper\">\n<iframe loading=\"lazy\" title=\"Sandra Dudley - Remembering and Forgetting amongst Communities of Displaced Things\" width=\"525\" height=\"295\" src=\"https:\/\/www.youtube.com\/embed\/-HIAFpqd1U0?feature=oembed\" frameborder=\"0\" allow=\"accelerometer; autoplay; clipboard-write; encrypted-media; gyroscope; picture-in-picture; web-share\" referrerpolicy=\"strict-origin-when-cross-origin\" allowfullscreen><\/iframe>\n<\/div><\/figure>\n\n\n\n<p>Fyrirlestur S\u00f6ndru Dudley \u00ed heild sinni m\u00e1 n\u00e1lgast h\u00e9r a\u00f0 ofan.<\/p>\n\n\n<div class=\"wp-block-image\">\n<figure class=\"alignleft\"><a href=\"https:\/\/hh.hi.is\/wp-content\/uploads\/2018\/11\/sandrablu.jpg\"><img loading=\"lazy\" decoding=\"async\" width=\"127\" height=\"169\" src=\"https:\/\/hh.hi.is\/wp-content\/uploads\/2018\/11\/sandrablu.jpg\" alt=\"\" class=\"wp-image-197\"\/><\/a><\/figure><\/div>\n\n\n<p>\u00deann 30. n\u00f3vember mun Dr. Sandra Dudley pr\u00f3fessor \u00ed safnafr\u00e6\u00f0um og deildarforseti safnafr\u00e6\u00f0ideildar Leicester h\u00e1sk\u00f3lans \u00ed Bretlandi halda fyrirlestur \u00ed fyrirlestrasal \u00dej\u00f3\u00f0minjasafns \u00cdslands undir yfirskriftinni <strong>Remembering and Forgetting in Communities of Displaced Things<\/strong>. Fyrirlesturinn er opin \u00f6llum sem hafa \u00e1huga og stendur yfir fr\u00e1 12:00 \u2013 13:30.<\/p>\n\n\n\n<p>Sandra Dudley er \u00e1 \u00cdsland \u00ed bo\u00f0i \u00f6ndvegisverkefnisins Heimsins hnoss: S\u00f6fn efnismenningar, menningararfur og merking sem er styrkt af Ranns\u00f3knasj\u00f3\u00f0i \u00cdslands til 3 \u00e1ra. Fyrirlesturinn er s\u00e1 fyrsti \u00ed 2 \u00e1ra fyrirlestrarr\u00f6\u00f0 \u00fear sem \u00feekktum fr\u00e6\u00f0imanni bo\u00f0i\u00f0 a\u00f0 koma til landsins og halda opin fyrirlestur fyrir alla \u00fe\u00e1 sem hafa \u00e1huga. Einn fyrirlestur ver\u00f0ur \u00e1 hverju misseri, n\u00e6stu erindi ver\u00f0a augl\u00fdst s\u00ed\u00f0ar.<\/p>\n\n\n\n<p>Helstu ranns\u00f3knir S\u00f6ndur Dudley hafa sn\u00fai\u00f0 a\u00f0 \u00fev\u00ed hvernig hlutir tengjast \u00f6\u00f0rum fyrirb\u00e6rum b\u00e6\u00f0i innan og utan safna, kj\u00f3lum, text\u00edll, B\u00farma og Indlandi. Kjarninn \u00ed ranns\u00f3knum hennar liggur \u00e1 m\u00f6rkunum milli mannlegrar upplifunar og \u00feess efnislega og \u00fe\u00e1 s\u00e9rstaklega \u00ed tengslum vi\u00f0 s\u00f6fn, \u00fevinga\u00f0a f\u00f3lksflutninga og arflei\u00f0.<\/p>\n\n\n\n<p>\u00cd n\u00fdjustu b\u00f3k S\u00f6ndru Dudley <em>Displaced Things<\/em> n\u00fdtir h\u00fan s\u00e9r m.a. efni \u00far vettvangsranns\u00f3knum s\u00ednum \u00e1 landam\u00e6rum T\u00e6lands, \u00ed B\u00farma og \u00e1 Bretlandi. \u00cd b\u00f3kinni fjallar h\u00fan um fl\u00f3ttamenn, s\u00f6fn og pers\u00f3nulega hluti. Hreyfing efnislegra hluta fr\u00e1 einum sta\u00f0 til annars er s\u00e9rstaklega ranns\u00f6ku\u00f0 og lagt til a\u00f0 \u00feessar hreyfingar \u00e1 hlutum ver\u00f0i endurhugsa\u00f0ar og skilgreindar sem flutningar. \u00cd b\u00f3kinni er sj\u00f3narhorn hlutarins n\u00fdtt sem upphafspunktur greiningarinnar og f\u00e6r\u00f0 r\u00f6k fyrir \u00fev\u00ed a\u00f0 flutningsferli\u00f0 geti veri\u00f0 \u00fatsk\u00fdrt og skili\u00f0 me\u00f0 \u00fev\u00ed a\u00f0 beita mannfr\u00e6\u00f0ilegum kenningum um helgisi\u00f0i sem Arnold van Gennep og Victor Turner hafa \u00fer\u00f3a\u00f0.<\/p>\n\n\n\n<hr class=\"wp-block-separator has-css-opacity\"\/>\n\n\n\n<h1 class=\"wp-block-heading\">31. \u00e1g\u00fast 2018<\/h1>\n\n\n\n<p>Fyrirlestur Karenar Harvey sem haldin var 11. ma\u00ed 2018 \u00ed fyrirlestrasal \u00dej\u00f3\u00f0minjasafns \u00cdslands.<\/p>\n\n\n\n<figure><iframe loading=\"lazy\" src=\"https:\/\/www.youtube.com\/embed\/VlU0QpKBKdA\" allowfullscreen=\"allowfullscreen\" width=\"560\" height=\"315\" frameborder=\"0\"><\/iframe><\/figure>\n\n\n\n<h2 class=\"wp-block-heading\">Kynning \u00e1 \u00f6ndvegisverkefninu og fyrirlestur Karen Harvey<\/h2>\n\n\n<div class=\"wp-block-image\">\n<figure class=\"alignright\"><a href=\"https:\/\/hh.hi.is\/wp-content\/uploads\/2018\/04\/karenH.jpg\"><img loading=\"lazy\" decoding=\"async\" width=\"300\" height=\"200\" src=\"https:\/\/hh.hi.is\/wp-content\/uploads\/2018\/04\/karenH-300x200.jpg\" alt=\"\" class=\"wp-image-138\" srcset=\"https:\/\/hh.hi.is\/wp-content\/uploads\/2018\/04\/karenH-300x200.jpg 300w, https:\/\/hh.hi.is\/wp-content\/uploads\/2018\/04\/karenH-768x512.jpg 768w, https:\/\/hh.hi.is\/wp-content\/uploads\/2018\/04\/karenH-1024x682.jpg 1024w\" sizes=\"(max-width: 300px) 100vw, 300px\" \/><\/a><\/figure><\/div>\n\n\n<p>Hinn 11. ma\u00ed 2018 ver\u00f0ur haldin kynningardagskr\u00e1 \u00e1 n\u00fdju \u00f6ndvegisverkefni sem hlaut styrk fr\u00e1 Ranns\u00f3knarsj\u00f3\u00f0i \u00cdslands (RANN\u00cdS) \u00ed \u00e1r sem nefnist \u201eHeimsins hnoss: S\u00f6fn efnismenningar, menningararfur og merkin\u201c. Sigur\u00f0ur Gylfi Magn\u00fasson, pr\u00f3fessor \u00ed Sagnfr\u00e6\u00f0i- og heimspekideild, fer fyrir verkefninu. Dagskr\u00e1in hefst kl. 12 og ver\u00f0ur haldin \u00ed fyrirlestrasal \u00dej\u00f3\u00f0minjasafns \u00cdslands.<\/p>\n\n\n\n<p>Af \u00feessu tilefni heldur Karen Harvey, pr\u00f3fessor \u00ed menningars\u00f6gu vi\u00f0 h\u00e1sk\u00f3lann \u00ed Birmingham \u00e1 Englandi fyrirlestur sem h\u00fan nefnir \u201eArchives of Materiality\u201c en h\u00fan hefur einmitt s\u00e9rh\u00e6ft sig \u00ed efnismenningarfr\u00e6\u00f0um. Ath\u00f6fnin er \u00f6llum opin og er h\u00e1sk\u00f3laf\u00f3lk hvatt til a\u00f0 koma og kynna s\u00e9r efni ranns\u00f3knarinnar sem mun spanna n\u00e6stu \u00ferj\u00fa \u00e1rin og tengjast m\u00f6rgum fr\u00e6\u00f0igreinum b\u00e6\u00f0i \u00ed hug- og f\u00e9lagsv\u00edsindum.<\/p>\n\n\n\n<p>Sj\u00e1 kynningu \u00e1 fyrirlestri Karen Harvey sem og stutt \u00e6vi\u00e1grip hennar og loks dagskr\u00e1 kynningarinnar allrar h\u00e9r a\u00f0 ne\u00f0an:<\/p>\n\n\n\n<p>Dagskr\u00e1 (fr\u00e1 12:00-13:30)<\/p>\n\n\n\n<ul>\n<li>Kl. 12:00 \u2013&nbsp;\u00c1varp \u00dej\u00f3\u00f0minjavar\u00f0ar, Margr\u00e9tar Hallgr\u00edmsd\u00f3ttur (flutt \u00e1 \u00edslensku)<\/li>\n\n\n\n<li>Kl. 12:10 \u2013&nbsp;Gu\u00f0mundur H\u00e1lfdanarson, forseta Hugv\u00edsindasvi\u00f0s: \u201eGrants of Excellence and the Humanities\u201c (flutt \u00e1 ensku)<\/li>\n\n\n\n<li>Kl. 12:20 \u2013&nbsp;Sigur\u00f0ur Gylfi Magn\u00fasson, pr\u00f3fessor \u00ed Sagnfr\u00e6\u00f0i- og heimspekideild: \u201eHeimsins hnoss \u2013&nbsp;kynninga \u00e1 \u00f6ndvegisverkefni\u201c (flutt \u00e1 \u00edslensku)<\/li>\n\n\n\n<li>Kl. 12:40 \u2013 Karen Harvey, pr\u00f3fessor \u00ed menningars\u00f6gu vi\u00f0 Univeristy of Birmingham (UK):<\/li>\n<\/ul>\n\n\n\n<p>\u201eArchives of Materiality\u201c (flutt \u00e1 ensku)<\/p>\n\n\n\n<p>Scholars from many disciplines are undoubtedly committed to examining materiality as a significant, even principal, feature of past human experience. Yet is there an archive of materiality? In this talk, Professor Harvey will explore the different archives that have been used to reconstruct the materiality of everyday life. Drawing on her research into early modern Britain (1650-1800), as well as her experiences of working in museums and heritage sites, she will consider the challenges in the study of material culture, the promise and pitfalls of interdisciplinarity and new directions in the field.<\/p>\n\n\n\n<p>Karen Harvey is Professor of Cultural History at the University of Birmingham (UK). She is a historian of Britain in the long eighteenth century and her research has focussed on gender and the body, material culture and domestic life. Her books include&nbsp;<em>The Little Republic: Masculinity and Domestic Authority in Eighteenth-Century Britain<\/em>&nbsp;(Oxford University Press, 2012) and&nbsp;<em>History and Material Culture<\/em>&nbsp;(ed.) (2009; Routledge, second edition 2017).<\/p>\n\n\n\n<figure class=\"wp-block-video\"><\/figure>\n","protected":false},"excerpt":{"rendered":"<p>Lokar\u00e1\u00f0stefna Heimsins hnoss 10.- 11. \u00e1g\u00fast 2023: fyrirlestrar bla\u00f0agreinar og hla\u00f0varp. Dagana 10. og 11. \u00e1g\u00fast var lokar\u00e1\u00f0stefan Heimsins hnoss haldin \u00ed fyrirlestrasal \u00dej\u00f3\u00f0minjasafnsins. Bo\u00f0i\u00f0 var upp \u00e1 veglega dagskr\u00e1 \u00fear sem flestir me\u00f0limir Heimsins hnoss mi\u00f0lu\u00f0u \u00ed stuttu m\u00e1li s\u00ednum ni\u00f0urst\u00f6\u00f0um. Auk \u00feess voru fimm erlendir fr\u00e6\u00f0imenn sem t\u00f3ku \u00fe\u00e1tt \u00ed r\u00e1\u00f0stefnunni, \u00feau voru &hellip; <\/p>\n<p class=\"link-more\"><a href=\"https:\/\/hh.hi.is\/?page_id=135\" class=\"more-link\">Continue reading<span class=\"screen-reader-text\"> &#8220;Fr\u00e9ttir og vi\u00f0bur\u00f0ir \/ News and Events&#8221;<\/span><\/a><\/p>\n","protected":false},"author":2,"featured_media":0,"parent":0,"menu_order":0,"comment_status":"closed","ping_status":"closed","template":"","meta":{"footnotes":""},"_links":{"self":[{"href":"https:\/\/hh.hi.is\/index.php?rest_route=\/wp\/v2\/pages\/135"}],"collection":[{"href":"https:\/\/hh.hi.is\/index.php?rest_route=\/wp\/v2\/pages"}],"about":[{"href":"https:\/\/hh.hi.is\/index.php?rest_route=\/wp\/v2\/types\/page"}],"author":[{"embeddable":true,"href":"https:\/\/hh.hi.is\/index.php?rest_route=\/wp\/v2\/users\/2"}],"replies":[{"embeddable":true,"href":"https:\/\/hh.hi.is\/index.php?rest_route=%2Fwp%2Fv2%2Fcomments&post=135"}],"version-history":[{"count":40,"href":"https:\/\/hh.hi.is\/index.php?rest_route=\/wp\/v2\/pages\/135\/revisions"}],"predecessor-version":[{"id":429,"href":"https:\/\/hh.hi.is\/index.php?rest_route=\/wp\/v2\/pages\/135\/revisions\/429"}],"wp:attachment":[{"href":"https:\/\/hh.hi.is\/index.php?rest_route=%2Fwp%2Fv2%2Fmedia&parent=135"}],"curies":[{"name":"wp","href":"https:\/\/api.w.org\/{rel}","templated":true}]}}